{"id":1922,"date":"2022-06-19T15:17:37","date_gmt":"2022-06-19T15:17:37","guid":{"rendered":"https:\/\/www.dentalpraxis-wolfsburg.de\/?page_id=1922"},"modified":"2022-06-20T14:27:44","modified_gmt":"2022-06-20T14:27:44","slug":"paradontitisbehandlung","status":"publish","type":"page","link":"https:\/\/dentalpraxis-wolfsburg.de\/paradontitisbehandlung\/","title":{"rendered":"Paradontitisbehandlung"},"content":{"rendered":"\t\t<div data-elementor-type=\"wp-page\" data-elementor-id=\"1922\" class=\"elementor elementor-1922\" data-elementor-post-type=\"page\">\n\t\t\t\t\t\t<section class=\"elementor-section elementor-top-section elementor-element elementor-element-7d3eacd elementor-section-height-min-height elementor-section-boxed elementor-section-height-default elementor-section-items-middle\" data-id=\"7d3eacd\" data-element_type=\"section\" data-settings=\"{&quot;background_background&quot;:&quot;slideshow&quot;,&quot;background_slideshow_gallery&quot;:[{&quot;id&quot;:2166,&quot;url&quot;:&quot;https:\\\/\\\/dentalpraxis-wolfsburg.de\\\/inc\\\/uploads\\\/2022\\\/06\\\/2022_SLIDER_Paradontitis_1980px.jpg&quot;}],&quot;jet_parallax_layout_list&quot;:[],&quot;background_slideshow_loop&quot;:&quot;yes&quot;,&quot;background_slideshow_slide_duration&quot;:5000,&quot;background_slideshow_slide_transition&quot;:&quot;fade&quot;,&quot;background_slideshow_transition_duration&quot;:500}\">\n\t\t\t\t\t\t\t<div class=\"elementor-background-overlay\"><\/div>\n\t\t\t\t\t\t\t<div class=\"elementor-container elementor-column-gap-default\">\n\t\t\t\t\t<div class=\"elementor-column elementor-col-50 elementor-top-column elementor-element elementor-element-8ca6317 elementor-invisible\" data-id=\"8ca6317\" data-element_type=\"column\" data-settings=\"{&quot;background_background&quot;:&quot;classic&quot;,&quot;animation&quot;:&quot;fadeInLeft&quot;}\">\n\t\t\t<div class=\"elementor-widget-wrap elementor-element-populated\">\n\t\t\t\t\t\t<div class=\"elementor-element elementor-element-cc50fe7 elementor-widget elementor-widget-heading\" data-id=\"cc50fe7\" data-element_type=\"widget\" data-widget_type=\"heading.default\">\n\t\t\t\t<div class=\"elementor-widget-container\">\n\t\t\t\t\t<h5 class=\"elementor-heading-title elementor-size-default\">Paradontitisbehandlung<\/h5>\t\t\t\t<\/div>\n\t\t\t\t<\/div>\n\t\t\t\t<div class=\"elementor-element elementor-element-ab8bbdd elementor-widget elementor-widget-text-editor\" data-id=\"ab8bbdd\" data-element_type=\"widget\" data-widget_type=\"text-editor.default\">\n\t\t\t\t<div class=\"elementor-widget-container\">\n\t\t\t\t\t\t\t\t\t<p>Parodontitis\u00a0ist eine Entz\u00fcndung, die durch Bakterien entsteht. Anzeichen sind Zahnfleischbluten, Zahnbelag und zur\u00fcckgehendes oder geschwollenes Zahnfleisch.\u00a0<\/p>\t\t\t\t\t\t\t\t<\/div>\n\t\t\t\t<\/div>\n\t\t\t\t\t<\/div>\n\t\t<\/div>\n\t\t\t\t<div class=\"elementor-column elementor-col-50 elementor-top-column elementor-element elementor-element-1fb554f\" data-id=\"1fb554f\" data-element_type=\"column\">\n\t\t\t<div class=\"elementor-widget-wrap\">\n\t\t\t\t\t\t\t<\/div>\n\t\t<\/div>\n\t\t\t\t\t<\/div>\n\t\t<\/section>\n\t\t\t\t<section class=\"elementor-section elementor-top-section elementor-element elementor-element-c6af4ed elementor-section-boxed elementor-section-height-default elementor-section-height-default\" data-id=\"c6af4ed\" data-element_type=\"section\" data-settings=\"{&quot;jet_parallax_layout_list&quot;:[]}\">\n\t\t\t\t\t\t<div class=\"elementor-container elementor-column-gap-default\">\n\t\t\t\t\t<div class=\"elementor-column elementor-col-100 elementor-top-column elementor-element elementor-element-49cc907\" data-id=\"49cc907\" data-element_type=\"column\">\n\t\t\t<div class=\"elementor-widget-wrap elementor-element-populated\">\n\t\t\t\t\t\t<div class=\"elementor-element elementor-element-e81d60c elementor-invisible elementor-widget elementor-widget-heading\" data-id=\"e81d60c\" data-element_type=\"widget\" data-settings=\"{&quot;_animation&quot;:&quot;fadeInLeft&quot;}\" data-widget_type=\"heading.default\">\n\t\t\t\t<div class=\"elementor-widget-container\">\n\t\t\t\t\t<h1 class=\"elementor-heading-title elementor-size-default\">Paradontitis<\/h1>\t\t\t\t<\/div>\n\t\t\t\t<\/div>\n\t\t\t\t\t<\/div>\n\t\t<\/div>\n\t\t\t\t\t<\/div>\n\t\t<\/section>\n\t\t\t\t<section class=\"elementor-section elementor-top-section elementor-element elementor-element-2d89d20 elementor-section-boxed elementor-section-height-default elementor-section-height-default\" data-id=\"2d89d20\" data-element_type=\"section\" data-settings=\"{&quot;jet_parallax_layout_list&quot;:[]}\">\n\t\t\t\t\t\t<div class=\"elementor-container elementor-column-gap-default\">\n\t\t\t\t\t<div class=\"elementor-column elementor-col-100 elementor-top-column elementor-element elementor-element-3a443fa\" data-id=\"3a443fa\" data-element_type=\"column\">\n\t\t\t<div class=\"elementor-widget-wrap elementor-element-populated\">\n\t\t\t\t\t\t<div class=\"elementor-element elementor-element-99158f1 elementor-invisible elementor-widget elementor-widget-text-editor\" data-id=\"99158f1\" data-element_type=\"widget\" data-settings=\"{&quot;_animation&quot;:&quot;fadeInRight&quot;}\" data-widget_type=\"text-editor.default\">\n\t\t\t\t<div class=\"elementor-widget-container\">\n\t\t\t\t\t\t\t\t\t<p>Parodontitis, umgangssprachlich auch Parodontose, ist die entz\u00fcndliche Erkrankung des Zahnhalteapparates im Kieferknochen, die unbehandelt zu fortschreitendem Knochenabbau und langfristig zum Verlust von Z\u00e4hnen f\u00fchrt.<\/p><p>\u00a0<\/p><p>Ursachen sind: Biofilm, Zahnstein und Konkremente, Rauchen, abstehende Kronen- und F\u00fcllungsr\u00e4nder, fehlende Aproximalkontakte, \u00dcberlastung durch Bruxismus (Knirschen und Pressen), herabgesetzter Allgemeinzustand, Besiedlung mit besonders aggressiven pathogenen Keimen&#8230;&#8230;.<\/p>\t\t\t\t\t\t\t\t<\/div>\n\t\t\t\t<\/div>\n\t\t\t\t\t<\/div>\n\t\t<\/div>\n\t\t\t\t\t<\/div>\n\t\t<\/section>\n\t\t\t\t<section class=\"elementor-section elementor-top-section elementor-element elementor-element-63b9067 elementor-section-boxed elementor-section-height-default elementor-section-height-default\" data-id=\"63b9067\" data-element_type=\"section\" data-settings=\"{&quot;jet_parallax_layout_list&quot;:[]}\">\n\t\t\t\t\t\t<div class=\"elementor-container elementor-column-gap-default\">\n\t\t\t\t\t<div class=\"elementor-column elementor-col-100 elementor-top-column elementor-element elementor-element-89c7ac2\" data-id=\"89c7ac2\" data-element_type=\"column\">\n\t\t\t<div class=\"elementor-widget-wrap elementor-element-populated\">\n\t\t\t\t\t\t<div class=\"elementor-element elementor-element-9d057ae elementor-invisible elementor-widget elementor-widget-text-editor\" data-id=\"9d057ae\" data-element_type=\"widget\" data-settings=\"{&quot;_animation&quot;:&quot;fadeInLeft&quot;}\" data-widget_type=\"text-editor.default\">\n\t\t\t\t<div class=\"elementor-widget-container\">\n\t\t\t\t\t\t\t\t\t<p>Wie \u00fcberall im Leben gibt es auch hier akute, aggressive, schnelle und chronische, sich langsam etablierende Formen. Allen gemeinsam ist eine \u00fcberlastete K\u00f6rperabwehr.<\/p>\t\t\t\t\t\t\t\t<\/div>\n\t\t\t\t<\/div>\n\t\t\t\t\t<\/div>\n\t\t<\/div>\n\t\t\t\t\t<\/div>\n\t\t<\/section>\n\t\t\t\t<section class=\"elementor-section elementor-top-section elementor-element elementor-element-d57b6e5 elementor-section-boxed elementor-section-height-default elementor-section-height-default\" data-id=\"d57b6e5\" data-element_type=\"section\" data-settings=\"{&quot;jet_parallax_layout_list&quot;:[]}\">\n\t\t\t\t\t\t<div class=\"elementor-container elementor-column-gap-default\">\n\t\t\t\t\t<div class=\"elementor-column elementor-col-100 elementor-top-column elementor-element elementor-element-da7530d\" data-id=\"da7530d\" data-element_type=\"column\">\n\t\t\t<div class=\"elementor-widget-wrap elementor-element-populated\">\n\t\t\t\t\t\t<div class=\"elementor-element elementor-element-55722cb elementor-invisible elementor-widget elementor-widget-text-editor\" data-id=\"55722cb\" data-element_type=\"widget\" data-settings=\"{&quot;_animation&quot;:&quot;fadeInRight&quot;}\" data-widget_type=\"text-editor.default\">\n\t\t\t\t<div class=\"elementor-widget-container\">\n\t\t\t\t\t\t\t\t\t<p>Die Sprache verr\u00e4t dabei vieles: Man hat keinen Biss, geht auf dem Zahnfleisch, kann nicht mehr richtig zubei\u00dfen, hat den Halt verloren und Eindringlingen (Bakterien) nichts entgegenzusetzen, ggf. aber auch, man bei\u00dft sich durch etwas durch, knirscht vor Wut mit den Z\u00e4hnen &#8230;.<\/p>\t\t\t\t\t\t\t\t<\/div>\n\t\t\t\t<\/div>\n\t\t\t\t\t<\/div>\n\t\t<\/div>\n\t\t\t\t\t<\/div>\n\t\t<\/section>\n\t\t\t\t<section class=\"elementor-section elementor-top-section elementor-element elementor-element-357c10f elementor-section-boxed elementor-section-height-default elementor-section-height-default\" data-id=\"357c10f\" data-element_type=\"section\" data-settings=\"{&quot;jet_parallax_layout_list&quot;:[]}\">\n\t\t\t\t\t\t<div class=\"elementor-container elementor-column-gap-default\">\n\t\t\t\t\t<div class=\"elementor-column elementor-col-100 elementor-top-column elementor-element elementor-element-7fa605b\" data-id=\"7fa605b\" data-element_type=\"column\">\n\t\t\t<div class=\"elementor-widget-wrap elementor-element-populated\">\n\t\t\t\t\t\t<div class=\"elementor-element elementor-element-9dbec5a elementor-invisible elementor-widget elementor-widget-text-editor\" data-id=\"9dbec5a\" data-element_type=\"widget\" data-settings=\"{&quot;_animation&quot;:&quot;fadeInLeft&quot;}\" data-widget_type=\"text-editor.default\">\n\t\t\t\t<div class=\"elementor-widget-container\">\n\t\t\t\t\t\t\t\t\t<p>Die Behandlung muss m\u00f6glichst fr\u00fchzeitig und konsequent erfolgen und sollte unbedingt den Lebenspartner (die Bakterien sind \u00fcbertragbar!) mit einbeziehen. Je nach Schweregrad kann eine Verlangsamung der Erkrankung bis hin zur v\u00f6lligen Ausheilung erreicht werden.<\/p>\t\t\t\t\t\t\t\t<\/div>\n\t\t\t\t<\/div>\n\t\t\t\t\t<\/div>\n\t\t<\/div>\n\t\t\t\t\t<\/div>\n\t\t<\/section>\n\t\t\t\t<section class=\"elementor-section elementor-top-section elementor-element elementor-element-ff9825a elementor-section-boxed elementor-section-height-default elementor-section-height-default\" data-id=\"ff9825a\" data-element_type=\"section\" data-settings=\"{&quot;jet_parallax_layout_list&quot;:[]}\">\n\t\t\t\t\t\t<div class=\"elementor-container elementor-column-gap-default\">\n\t\t\t\t\t<div class=\"elementor-column elementor-col-100 elementor-top-column elementor-element elementor-element-6342d44\" data-id=\"6342d44\" data-element_type=\"column\">\n\t\t\t<div class=\"elementor-widget-wrap elementor-element-populated\">\n\t\t\t\t\t\t<div class=\"elementor-element elementor-element-6127a5f elementor-invisible elementor-widget elementor-widget-text-editor\" data-id=\"6127a5f\" data-element_type=\"widget\" data-settings=\"{&quot;_animation&quot;:&quot;fadeInRight&quot;}\" data-widget_type=\"text-editor.default\">\n\t\t\t\t<div class=\"elementor-widget-container\">\n\t\t\t\t\t\t\t\t\t<p>Begonnen wird mit drei einst\u00fcndigen Behandlungen durch die geschulte Prophylaxeassistentin. Hier erfolgt die schmerzfreie Probeentnahme f\u00fcr den Keimtest samt Auswertung, werden Biofilm und Zahnstein entfernt, Zahnfleischtaschentiefen gemessen, Pflegehilfsmittel demonstriert und Pflegehinweise gegeben und ggf. Abformungen f\u00fcr eine Entlastungsschiene genommen.<\/p>\t\t\t\t\t\t\t\t<\/div>\n\t\t\t\t<\/div>\n\t\t\t\t\t<\/div>\n\t\t<\/div>\n\t\t\t\t\t<\/div>\n\t\t<\/section>\n\t\t\t\t<section class=\"elementor-section elementor-top-section elementor-element elementor-element-2377375 elementor-section-boxed elementor-section-height-default elementor-section-height-default\" data-id=\"2377375\" data-element_type=\"section\" data-settings=\"{&quot;jet_parallax_layout_list&quot;:[]}\">\n\t\t\t\t\t\t<div class=\"elementor-container elementor-column-gap-default\">\n\t\t\t\t\t<div class=\"elementor-column elementor-col-100 elementor-top-column elementor-element elementor-element-b66cd8e\" data-id=\"b66cd8e\" data-element_type=\"column\">\n\t\t\t<div class=\"elementor-widget-wrap elementor-element-populated\">\n\t\t\t\t\t\t<div class=\"elementor-element elementor-element-e7f9f6e elementor-invisible elementor-widget elementor-widget-text-editor\" data-id=\"e7f9f6e\" data-element_type=\"widget\" data-settings=\"{&quot;_animation&quot;:&quot;fadeInLeft&quot;}\" data-widget_type=\"text-editor.default\">\n\t\t\t\t<div class=\"elementor-widget-container\">\n\t\t\t\t\t\t\t\t\t<p>Erst am Ende dieser Hygienephase wird je nach Tiefe der dann noch verbleibenden Zahnfleischtaschen endg\u00fcltig \u00fcber die Therapie beim Zahnarzt entschieden, die dann in zwei weiteren Terminen seitenweise erfolgt. Hierbei werden modernste Ultraschallger\u00e4te f\u00fcr die Reinigung der Wurzeloberfl\u00e4chen und zur Keimreduktion ein Laser eingesetzt.<\/p>\t\t\t\t\t\t\t\t<\/div>\n\t\t\t\t<\/div>\n\t\t\t\t\t<\/div>\n\t\t<\/div>\n\t\t\t\t\t<\/div>\n\t\t<\/section>\n\t\t\t\t<section class=\"elementor-section elementor-top-section elementor-element elementor-element-0a56dbd elementor-section-boxed elementor-section-height-default elementor-section-height-default\" data-id=\"0a56dbd\" data-element_type=\"section\" data-settings=\"{&quot;jet_parallax_layout_list&quot;:[]}\">\n\t\t\t\t\t\t<div class=\"elementor-container elementor-column-gap-default\">\n\t\t\t\t\t<div class=\"elementor-column elementor-col-100 elementor-top-column elementor-element elementor-element-889b23b\" data-id=\"889b23b\" data-element_type=\"column\">\n\t\t\t<div class=\"elementor-widget-wrap elementor-element-populated\">\n\t\t\t\t\t\t<div class=\"elementor-element elementor-element-48ae1f9 elementor-invisible elementor-widget elementor-widget-text-editor\" data-id=\"48ae1f9\" data-element_type=\"widget\" data-settings=\"{&quot;_animation&quot;:&quot;fadeInRight&quot;}\" data-widget_type=\"text-editor.default\">\n\t\t\t\t<div class=\"elementor-widget-container\">\n\t\t\t\t\t\t\t\t\t<p class=\"p2\"><span class=\"s1\"><span class=\"Apple-converted-space\">\u00a0<\/span><\/span>Nach 12 Wochen erfolgt eine Verlaufs- und Heilungskontrolle (Recall) bei der Zahnarzt \/ Zahn\u00e4rztin.<\/p>\t\t\t\t\t\t\t\t<\/div>\n\t\t\t\t<\/div>\n\t\t\t\t\t<\/div>\n\t\t<\/div>\n\t\t\t\t\t<\/div>\n\t\t<\/section>\n\t\t\t\t<section class=\"elementor-section elementor-top-section elementor-element elementor-element-ac564fc elementor-section-boxed elementor-section-height-default elementor-section-height-default\" data-id=\"ac564fc\" data-element_type=\"section\" data-settings=\"{&quot;jet_parallax_layout_list&quot;:[]}\">\n\t\t\t\t\t\t<div class=\"elementor-container elementor-column-gap-default\">\n\t\t\t\t\t<div class=\"elementor-column elementor-col-100 elementor-top-column elementor-element elementor-element-884f96d\" data-id=\"884f96d\" data-element_type=\"column\">\n\t\t\t<div class=\"elementor-widget-wrap elementor-element-populated\">\n\t\t\t\t\t\t<div class=\"elementor-element elementor-element-93458b6 elementor-invisible elementor-widget elementor-widget-text-editor\" data-id=\"93458b6\" data-element_type=\"widget\" data-settings=\"{&quot;_animation&quot;:&quot;fadeInLeft&quot;}\" data-widget_type=\"text-editor.default\">\n\t\t\t\t<div class=\"elementor-widget-container\">\n\t\t\t\t\t\t\t\t\t<p>Bei nahezu jeder Parodontitiserkrankung ist anschlie\u00dfend ein regelm\u00e4\u00dfiger Recall, in der Regel viermal j\u00e4hrlich, mit Kontrollmessungen der Zahnfleischtaschen und Biofilmmanagement erforderlich.<\/p>\t\t\t\t\t\t\t\t<\/div>\n\t\t\t\t<\/div>\n\t\t\t\t\t<\/div>\n\t\t<\/div>\n\t\t\t\t\t<\/div>\n\t\t<\/section>\n\t\t\t\t<section class=\"elementor-section elementor-top-section elementor-element elementor-element-078a69b elementor-section-boxed elementor-section-height-default elementor-section-height-default\" data-id=\"078a69b\" data-element_type=\"section\" data-settings=\"{&quot;jet_parallax_layout_list&quot;:[]}\">\n\t\t\t\t\t\t<div class=\"elementor-container elementor-column-gap-default\">\n\t\t\t\t\t<div class=\"elementor-column elementor-col-100 elementor-top-column elementor-element elementor-element-fc2e3f9\" data-id=\"fc2e3f9\" data-element_type=\"column\">\n\t\t\t<div class=\"elementor-widget-wrap elementor-element-populated\">\n\t\t\t\t\t\t<div class=\"elementor-element elementor-element-a2b980b elementor-invisible elementor-widget elementor-widget-text-editor\" data-id=\"a2b980b\" data-element_type=\"widget\" data-settings=\"{&quot;_animation&quot;:&quot;fadeInRight&quot;}\" data-widget_type=\"text-editor.default\">\n\t\t\t\t<div class=\"elementor-widget-container\">\n\t\t\t\t\t\t\t\t\t<p>Ihre pers\u00f6nliche Mitarbeit ist dabei einerseits bei der Zahnpflege, aber andererseits auch bez\u00fcglich einer gesunden Lebensf\u00fchrung (gesunde, vollwertige Ern\u00e4hrung, ausreichender Schlaf, Stressreduktion etc.) unerl\u00e4sslich.<\/p>\t\t\t\t\t\t\t\t<\/div>\n\t\t\t\t<\/div>\n\t\t\t\t\t<\/div>\n\t\t<\/div>\n\t\t\t\t\t<\/div>\n\t\t<\/section>\n\t\t\t\t<section class=\"elementor-section elementor-top-section elementor-element elementor-element-52e9f48 elementor-section-boxed elementor-section-height-default elementor-section-height-default\" data-id=\"52e9f48\" data-element_type=\"section\" data-settings=\"{&quot;jet_parallax_layout_list&quot;:[]}\">\n\t\t\t\t\t\t<div class=\"elementor-container elementor-column-gap-default\">\n\t\t\t\t\t<div class=\"elementor-column elementor-col-100 elementor-top-column elementor-element elementor-element-2ed5421\" data-id=\"2ed5421\" data-element_type=\"column\">\n\t\t\t<div class=\"elementor-widget-wrap elementor-element-populated\">\n\t\t\t\t\t\t<div class=\"elementor-element elementor-element-70fbe81 elementor-invisible elementor-widget elementor-widget-text-editor\" data-id=\"70fbe81\" data-element_type=\"widget\" data-settings=\"{&quot;_animation&quot;:&quot;fadeInLeft&quot;}\" data-widget_type=\"text-editor.default\">\n\t\t\t\t<div class=\"elementor-widget-container\">\n\t\t\t\t\t\t\t\t\t<p>Parodontitis und allgemeiner Gesundheitszustand stehen in einer engen Beziehung zueinander.<\/p>\t\t\t\t\t\t\t\t<\/div>\n\t\t\t\t<\/div>\n\t\t\t\t\t<\/div>\n\t\t<\/div>\n\t\t\t\t\t<\/div>\n\t\t<\/section>\n\t\t\t\t<section class=\"elementor-section elementor-top-section elementor-element elementor-element-11875ca elementor-section-boxed elementor-section-height-default elementor-section-height-default\" data-id=\"11875ca\" data-element_type=\"section\" data-settings=\"{&quot;jet_parallax_layout_list&quot;:[]}\">\n\t\t\t\t\t\t<div class=\"elementor-container elementor-column-gap-default\">\n\t\t\t\t\t<div class=\"elementor-column elementor-col-100 elementor-top-column elementor-element elementor-element-d291ae9\" data-id=\"d291ae9\" data-element_type=\"column\">\n\t\t\t<div class=\"elementor-widget-wrap elementor-element-populated\">\n\t\t\t\t\t\t<div class=\"elementor-element elementor-element-f1c9b46 elementor-invisible elementor-widget elementor-widget-text-editor\" data-id=\"f1c9b46\" data-element_type=\"widget\" data-settings=\"{&quot;_animation&quot;:&quot;fadeInRight&quot;}\" data-widget_type=\"text-editor.default\">\n\t\t\t\t<div class=\"elementor-widget-container\">\n\t\t\t\t\t\t\t\t\t<p class=\"p2\"><span class=\"s1\"><span class=\"Apple-converted-space\">\u00a0<\/span><\/span>So kann sich einerseits eine Parodontitis durch einen herabgesetzten Gesundheitszustand etablieren, andererseits erh\u00f6ht eine bestehende Parodontitis die Risiken f\u00fcr Diabetes, Herzerkrankungen, Schlaganfall, Osteoporose, Fr\u00fchgeburten und Atemwegserkrankungen erheblich.<\/p>\t\t\t\t\t\t\t\t<\/div>\n\t\t\t\t<\/div>\n\t\t\t\t\t<\/div>\n\t\t<\/div>\n\t\t\t\t\t<\/div>\n\t\t<\/section>\n\t\t\t\t<\/div>\n\t\t","protected":false},"excerpt":{"rendered":"<p>Paradontitisbehandlung Parodontitis&nbsp;ist eine Entz\u00fcndung, die durch Bakterien entsteht. Anzeichen sind Zahnfleischbluten, Zahnbelag und zur\u00fcckgehendes oder geschwollenes Zahnfleisch.&nbsp; Paradontitis Parodontitis, umgangssprachlich auch Parodontose, ist die entz\u00fcndliche Erkrankung des Zahnhalteapparates im Kieferknochen, die unbehandelt zu fortschreitendem Knochenabbau und langfristig zum Verlust von Z\u00e4hnen f\u00fchrt. Ursachen sind: Biofilm, Zahnstein und Konkremente, Rauchen, abstehende Kronen- und F\u00fcllungsr\u00e4nder, fehlende Aproximalkontakte, [&hellip;]<\/p>\n","protected":false},"author":1,"featured_media":2159,"parent":0,"menu_order":0,"comment_status":"closed","ping_status":"closed","template":"","meta":{"_seopress_robots_primary_cat":"0","_seopress_titles_title":"","_seopress_titles_desc":"Parodontitis, umgangssprachlich auch Parodontose, ist die entz\u00fcndliche Erkrankung des Zahnhalteapparates im Kieferknochen, die unbehandelt...","_seopress_robots_index":"","footnotes":""},"class_list":["post-1922","page","type-page","status-publish","has-post-thumbnail","hentry"],"_links":{"self":[{"href":"https:\/\/dentalpraxis-wolfsburg.de\/api\/wp\/v2\/pages\/1922","targetHints":{"allow":["GET"]}}],"collection":[{"href":"https:\/\/dentalpraxis-wolfsburg.de\/api\/wp\/v2\/pages"}],"about":[{"href":"https:\/\/dentalpraxis-wolfsburg.de\/api\/wp\/v2\/types\/page"}],"author":[{"embeddable":true,"href":"https:\/\/dentalpraxis-wolfsburg.de\/api\/wp\/v2\/users\/1"}],"replies":[{"embeddable":true,"href":"https:\/\/dentalpraxis-wolfsburg.de\/api\/wp\/v2\/comments?post=1922"}],"version-history":[{"count":0,"href":"https:\/\/dentalpraxis-wolfsburg.de\/api\/wp\/v2\/pages\/1922\/revisions"}],"wp:featuredmedia":[{"embeddable":true,"href":"https:\/\/dentalpraxis-wolfsburg.de\/api\/wp\/v2\/media\/2159"}],"wp:attachment":[{"href":"https:\/\/dentalpraxis-wolfsburg.de\/api\/wp\/v2\/media?parent=1922"}],"curies":[{"name":"wp","href":"https:\/\/api.w.org\/{rel}","templated":true}]}}